{"id":105,"date":"2017-11-01T10:53:58","date_gmt":"2017-11-01T09:53:58","guid":{"rendered":"http:\/\/themes.muffingroup.com\/be\/carpenter2\/?page_id=4"},"modified":"2023-01-26T13:44:07","modified_gmt":"2023-01-26T12:44:07","slug":"domov","status":"publish","type":"page","link":"https:\/\/interieryluzica.sk\/hu\/","title":{"rendered":"Interi\u00e9ry &#038; Kuchyne Lu\u017eica Nov\u00e9 Z\u00e1mky"},"content":{"rendered":"<p><img decoding=\"async\" src=\"https:\/\/interieryluzica.sk\/wp-content\/uploads\/2017\/11\/carpenter2-home-tiles.png\" alt=\"carpenter2 home tiles\"><br><br><h6>Konyha \u00e9s belt\u00e9ri st\u00fadi\u00f3 Lu\u017eica<\/h6> <br><h2>Szolg\u00e1ltat\u00e1saink<\/h2> <br>Profi c\u00e9g vagyunk, aki az \u00d6n k\u00e9r\u00e9seit \u00e9s el\u00e9gedetts\u00e9g\u00e9t helyezi az els\u0151 helyre a gy\u00e1rt\u00e1si folyamatban. \u00dcgyfeleinknek 3D-s megval\u00f3s\u00edt\u00e1sokat k\u00edn\u00e1lunk, valamint teljes tan\u00e1csad\u00e1st konyhai \u00e9s belt\u00e9ri megold\u00e1sokkal. Foglalkozunk t\u00f6bbek k\u00f6zt otthonok, c\u00e9gek lakberendez\u00e9s\u00e9vel, szem\u00e9lyre szabott b\u00fatorok gy\u00e1rt\u00e1s\u00e1val, valamint v\u00e9gs\u0151 \u00f6sszeszerel\u00e9s\u00fckkel.<br><br><br><h6>Konyha \u00e9s belt\u00e9ri st\u00fadi\u00f3 Lu\u017eica<\/h6> <br><h2>Szolg\u00e1ltat\u00e1saink<\/h2> <br>Profi c\u00e9g vagyunk, aki az \u00d6n k\u00e9r\u00e9seit \u00e9s el\u00e9gedetts\u00e9g\u00e9t helyezi az els\u0151 helyre a gy\u00e1rt\u00e1si folyamatban. \u00dcgyfeleinknek 3D-s megval\u00f3s\u00edt\u00e1sokat k\u00edn\u00e1lunk, valamint teljes tan\u00e1csad\u00e1st konyhai \u00e9s belt\u00e9ri megold\u00e1sokkal. Foglalkozunk t\u00f6bbek k\u00f6zt otthonok, c\u00e9gek lakberendez\u00e9s\u00e9vel, szem\u00e9lyre szabott b\u00fatorok gy\u00e1rt\u00e1s\u00e1val, valamint v\u00e9gs\u0151 \u00f6sszeszerel\u00e9s\u00fckkel.<br><br><h4>Precizit\u00e1s<\/h4> <br>A v\u00e9gterm\u00e9k min\u0151s\u00e9g\u00e9re \u00e9s a teljes megval\u00f3s\u00edt\u00e1si folyamatra nagy hangs\u00falyt fektet\u00fcnk, hogy teljes precizit\u00e1ssal tudjunk dolgozni minden egyes projekten.<br><br><h4>Tapasztalatok<\/h4> <br>2004 \u00f3ta folyamatosan gy\u0171jtj\u00fck a tapasztalatokat, ez\u00e9rt garant\u00e1lni tudjuk, hogy munkat\u00e1rsaink olyan k\u00e9pzett szakemberek, akik k\u00e9szen \u00e1llnak az \u00d6n projektj\u00e9re is.<br><br><h4>Egyedis\u00e9g<\/h4> <br>Minden egyes megrendel\u0151 sz\u00e1munkra egyedi, v\u00e1llalatunk ezzel az elvvel m\u0171k\u00f6dik. Fontosnak tartjuk az el\u00e9gedetts\u00e9g\u00e9t valamint azt, hogy elv\u00e1r\u00e1sait az utols\u00f3 pontig teljes\u00edts\u00fck. Az egyedi ,szem\u00e9lyre szabott hozz\u00e1\u00e1ll\u00e1s sz\u00e1munkra term\u00e9szetes.<br><br><h4>Hozz\u00e1adott \u00e9rt\u00e9k<\/h4> <br>\u00c1tlagon fel\u00fcli szolg\u00e1ltat\u00e1st ny\u00fajtunk, szakmai tan\u00e1csad\u00e1s \u00e9s javaslatok a belt\u00e9ri kialak\u00edt\u00e1sokkal kapcsolatban, \u00fcgyfeleink elk\u00e9pzel\u00e9sei alapj\u00e1n. Tartjuk magunkat a megadott \u00e1rhoz, a koncepci\u00f3hoz \u00e9s az elk\u00e9pzel\u00e9shez, amit a megrendel\u0151 r\u00e1nk b\u00edzott.<br><br><h4>Rendk\u00edv\u00fcli projektek<\/h4> <br>Nem ijed\u00fcnk meg semmilyen kih\u00edv\u00e1st\u00f3l, \u00edgy ak\u00e1r egy ig\u00e9nyesebb vagy szokatlanabb projekt megval\u00f3s\u00edt\u00e1sa \u00e9rdek\u00e9ben is b\u00e1tran kereshet minket.<br><br><br><h3 class=\" translation-block\">\u00daj megval\u00f3s\u00edt\u00e1sok, mint a v\u00e9djegy\u00fcnk<\/h3> <br>N\u00e9zze meg gal\u00e9ri\u00e1nkban a leg\u00fajabb, \u00e1ltalunk v\u00e9grehajtott projekteket, melyeket \u00fcgyfeleinknek k\u00e9sz\u00edtett\u00fcnk.<br><br>Term\u00e9kek<br><a href=\"\/hu\/produkty\/kuchyne-interiery\/\">\/produkty\/kuchyne-interiery\/<\/a><br><br><br><img decoding=\"async\" src=\"https:\/\/interieryluzica.sk\/wp-content\/uploads\/2017\/11\/carpenter2-home-shelf.jpg\" alt=\"carpenter2 home shelf\"><br><br><br><br><h3>M\u00e1te z\u00e1ujem o na\u0161e slu\u017eby? Kontaktujte n\u00e1s a my sprav\u00edme v\u00e1\u0161 projekt v\u00fdnimo\u010dn\u00fdm.<\/h3><a href=\"tel:+421908716944\">+421 908 716 944<\/a><br><br><a href=\"mailto:interiery.luzica@gmail.com\">interiery.luzica@gmail.com<\/a><br><br><br><\/p>","protected":false},"excerpt":{"rendered":"<p>Kuchynsk\u00e9 a interi\u00e9rov\u00e9 \u0161t\u00fadio LU\u017dICA Na\u0161e slu\u017eby Sme profesion\u00e1lna firma, ktor\u00e1 stavia Va\u0161e po\u017eiadavky a spokojnos\u0165 na prv\u00fa prie\u010dku vo v\u00fdrobnom procese. Na\u0161im z\u00e1kazn\u00edkom pon\u00fakame realiz\u00e1cie<span class=\"excerpt-hellip\"> [\u2026]<\/span><\/p>","protected":false},"author":1,"featured_media":0,"parent":0,"menu_order":0,"comment_status":"closed","ping_status":"closed","template":"","meta":{"ngg_post_thumbnail":0,"footnotes":""},"class_list":["post-105","page","type-page","status-publish","hentry"],"yoast_head":"<!-- This site is optimized with the Yoast SEO plugin v27.5 - https:\/\/yoast.com\/product\/yoast-seo-wordpress\/ -->\n<title>Interi\u00e9ry &amp; Kuchyne Lu\u017eica Nov\u00e9 Z\u00e1mky - Interi\u00e9ry Lu\u017eica<\/title>\n<meta name=\"description\" content=\"Staviame va\u0161e po\u017eiadavky a spokojnos\u0165 na prv\u00fa prie\u010dku. Zaria\u010fovanie domov, firiem, v\u00fdroba n\u00e1bytku a kuch\u00fd\u0148 na mieru a mont\u00e1\u017e.\" \/>\n<meta name=\"robots\" content=\"index, follow, max-snippet:-1, max-image-preview:large, max-video-preview:-1\" \/>\n<link rel=\"canonical\" href=\"https:\/\/interieryluzica.sk\/hu\/\" \/>\n<meta property=\"og:locale\" content=\"hu_HU\" \/>\n<meta property=\"og:type\" content=\"article\" \/>\n<meta property=\"og:title\" content=\"Interi\u00e9ry &amp; Kuchyne Lu\u017eica Nov\u00e9 Z\u00e1mky - Interi\u00e9ry Lu\u017eica\" \/>\n<meta property=\"og:description\" content=\"Staviame va\u0161e po\u017eiadavky a spokojnos\u0165 na prv\u00fa prie\u010dku. Zaria\u010fovanie domov, firiem, v\u00fdroba n\u00e1bytku a kuch\u00fd\u0148 na mieru a mont\u00e1\u017e.\" \/>\n<meta property=\"og:url\" content=\"https:\/\/interieryluzica.sk\/hu\/\" \/>\n<meta property=\"og:site_name\" content=\"Interi\u00e9ry Lu\u017eica\" \/>\n<meta property=\"article:publisher\" content=\"https:\/\/www.facebook.com\/109717744000991\" \/>\n<meta property=\"article:modified_time\" content=\"2023-01-26T12:44:07+00:00\" \/>\n<meta property=\"og:image\" content=\"https:\/\/interieryluzica.sk\/wp-content\/uploads\/2017\/11\/carpenter2-home-tiles.png\" \/>\n<meta name=\"twitter:card\" content=\"summary_large_image\" \/>\n<meta name=\"twitter:label1\" content=\"Becs\u00fclt olvas\u00e1si id\u0151\" \/>\n\t<meta name=\"twitter:data1\" content=\"2 perc\" \/>\n<script type=\"application\/ld+json\" class=\"yoast-schema-graph\">{\"@context\":\"https:\\\/\\\/schema.org\",\"@graph\":[{\"@type\":\"WebPage\",\"@id\":\"https:\\\/\\\/interieryluzica.sk\\\/\",\"url\":\"https:\\\/\\\/interieryluzica.sk\\\/\",\"name\":\"Interi\u00e9ry & Kuchyne Lu\u017eica Nov\u00e9 Z\u00e1mky - Interi\u00e9ry Lu\u017eica\",\"isPartOf\":{\"@id\":\"https:\\\/\\\/interieryluzica.sk\\\/#website\"},\"primaryImageOfPage\":{\"@id\":\"https:\\\/\\\/interieryluzica.sk\\\/#primaryimage\"},\"image\":{\"@id\":\"https:\\\/\\\/interieryluzica.sk\\\/#primaryimage\"},\"thumbnailUrl\":\"https:\\\/\\\/interieryluzica.sk\\\/wp-content\\\/uploads\\\/2017\\\/11\\\/carpenter2-home-tiles.png\",\"datePublished\":\"2017-11-01T09:53:58+00:00\",\"dateModified\":\"2023-01-26T12:44:07+00:00\",\"description\":\"Staviame va\u0161e po\u017eiadavky a spokojnos\u0165 na prv\u00fa prie\u010dku. Zaria\u010fovanie domov, firiem, v\u00fdroba n\u00e1bytku a kuch\u00fd\u0148 na mieru a mont\u00e1\u017e.\",\"breadcrumb\":{\"@id\":\"https:\\\/\\\/interieryluzica.sk\\\/#breadcrumb\"},\"inLanguage\":\"hu\",\"potentialAction\":[{\"@type\":\"ReadAction\",\"target\":[\"https:\\\/\\\/interieryluzica.sk\\\/\"]}]},{\"@type\":\"ImageObject\",\"inLanguage\":\"hu\",\"@id\":\"https:\\\/\\\/interieryluzica.sk\\\/#primaryimage\",\"url\":\"https:\\\/\\\/interieryluzica.sk\\\/wp-content\\\/uploads\\\/2017\\\/11\\\/carpenter2-home-tiles.png\",\"contentUrl\":\"https:\\\/\\\/interieryluzica.sk\\\/wp-content\\\/uploads\\\/2017\\\/11\\\/carpenter2-home-tiles.png\"},{\"@type\":\"BreadcrumbList\",\"@id\":\"https:\\\/\\\/interieryluzica.sk\\\/#breadcrumb\",\"itemListElement\":[{\"@type\":\"ListItem\",\"position\":1,\"name\":\"Domovsk\u00e1 str\u00e1nka\",\"item\":\"https:\\\/\\\/interieryluzica.sk\\\/\"},{\"@type\":\"ListItem\",\"position\":2,\"name\":\"Interi\u00e9ry &#038; Kuchyne Lu\u017eica Nov\u00e9 Z\u00e1mky\"}]},{\"@type\":\"WebSite\",\"@id\":\"https:\\\/\\\/interieryluzica.sk\\\/#website\",\"url\":\"https:\\\/\\\/interieryluzica.sk\\\/\",\"name\":\"Interi\u00e9ry Lu\u017eica\",\"description\":\"INTERI\u00c9RY &amp; KUCHYNE\",\"publisher\":{\"@id\":\"https:\\\/\\\/interieryluzica.sk\\\/#organization\"},\"potentialAction\":[{\"@type\":\"SearchAction\",\"target\":{\"@type\":\"EntryPoint\",\"urlTemplate\":\"https:\\\/\\\/interieryluzica.sk\\\/?s={search_term_string}\"},\"query-input\":{\"@type\":\"PropertyValueSpecification\",\"valueRequired\":true,\"valueName\":\"search_term_string\"}}],\"inLanguage\":\"hu\"},{\"@type\":\"Organization\",\"@id\":\"https:\\\/\\\/interieryluzica.sk\\\/#organization\",\"name\":\"Interi\u00e9ry Lu\u017eica\",\"url\":\"https:\\\/\\\/interieryluzica.sk\\\/\",\"logo\":{\"@type\":\"ImageObject\",\"inLanguage\":\"hu\",\"@id\":\"https:\\\/\\\/interieryluzica.sk\\\/#\\\/schema\\\/logo\\\/image\\\/\",\"url\":\"https:\\\/\\\/interieryluzica.sk\\\/wp-content\\\/uploads\\\/2022\\\/05\\\/Logo-bez-ramceka.png\",\"contentUrl\":\"https:\\\/\\\/interieryluzica.sk\\\/wp-content\\\/uploads\\\/2022\\\/05\\\/Logo-bez-ramceka.png\",\"width\":1920,\"height\":554,\"caption\":\"Interi\u00e9ry Lu\u017eica\"},\"image\":{\"@id\":\"https:\\\/\\\/interieryluzica.sk\\\/#\\\/schema\\\/logo\\\/image\\\/\"},\"sameAs\":[\"https:\\\/\\\/www.facebook.com\\\/109717744000991\"]}]}<\/script>\n<!-- \/ Yoast SEO plugin. -->","yoast_head_json":{"title":"Interi\u00e9ry & Kuchyne Lu\u017eica Nov\u00e9 Z\u00e1mky - Interi\u00e9ry Lu\u017eica","description":"Staviame va\u0161e po\u017eiadavky a spokojnos\u0165 na prv\u00fa prie\u010dku. Zaria\u010fovanie domov, firiem, v\u00fdroba n\u00e1bytku a kuch\u00fd\u0148 na mieru a mont\u00e1\u017e.","robots":{"index":"index","follow":"follow","max-snippet":"max-snippet:-1","max-image-preview":"max-image-preview:large","max-video-preview":"max-video-preview:-1"},"canonical":"https:\/\/interieryluzica.sk\/hu\/","og_locale":"hu_HU","og_type":"article","og_title":"Interi\u00e9ry & Kuchyne Lu\u017eica Nov\u00e9 Z\u00e1mky - Interi\u00e9ry Lu\u017eica","og_description":"Staviame va\u0161e po\u017eiadavky a spokojnos\u0165 na prv\u00fa prie\u010dku. Zaria\u010fovanie domov, firiem, v\u00fdroba n\u00e1bytku a kuch\u00fd\u0148 na mieru a mont\u00e1\u017e.","og_url":"https:\/\/interieryluzica.sk\/hu\/","og_site_name":"Interi\u00e9ry Lu\u017eica","article_publisher":"https:\/\/www.facebook.com\/109717744000991","article_modified_time":"2023-01-26T12:44:07+00:00","og_image":[{"url":"https:\/\/interieryluzica.sk\/wp-content\/uploads\/2017\/11\/carpenter2-home-tiles.png","type":"","width":"","height":""}],"twitter_card":"summary_large_image","twitter_misc":{"Becs\u00fclt olvas\u00e1si id\u0151":"2 perc"},"schema":{"@context":"https:\/\/schema.org","@graph":[{"@type":"WebPage","@id":"https:\/\/interieryluzica.sk\/","url":"https:\/\/interieryluzica.sk\/","name":"Interi\u00e9ry & Kuchyne Lu\u017eica Nov\u00e9 Z\u00e1mky - Interi\u00e9ry Lu\u017eica","isPartOf":{"@id":"https:\/\/interieryluzica.sk\/#website"},"primaryImageOfPage":{"@id":"https:\/\/interieryluzica.sk\/#primaryimage"},"image":{"@id":"https:\/\/interieryluzica.sk\/#primaryimage"},"thumbnailUrl":"https:\/\/interieryluzica.sk\/wp-content\/uploads\/2017\/11\/carpenter2-home-tiles.png","datePublished":"2017-11-01T09:53:58+00:00","dateModified":"2023-01-26T12:44:07+00:00","description":"Staviame va\u0161e po\u017eiadavky a spokojnos\u0165 na prv\u00fa prie\u010dku. Zaria\u010fovanie domov, firiem, v\u00fdroba n\u00e1bytku a kuch\u00fd\u0148 na mieru a mont\u00e1\u017e.","breadcrumb":{"@id":"https:\/\/interieryluzica.sk\/#breadcrumb"},"inLanguage":"hu","potentialAction":[{"@type":"ReadAction","target":["https:\/\/interieryluzica.sk\/"]}]},{"@type":"ImageObject","inLanguage":"hu","@id":"https:\/\/interieryluzica.sk\/#primaryimage","url":"https:\/\/interieryluzica.sk\/wp-content\/uploads\/2017\/11\/carpenter2-home-tiles.png","contentUrl":"https:\/\/interieryluzica.sk\/wp-content\/uploads\/2017\/11\/carpenter2-home-tiles.png"},{"@type":"BreadcrumbList","@id":"https:\/\/interieryluzica.sk\/#breadcrumb","itemListElement":[{"@type":"ListItem","position":1,"name":"Domovsk\u00e1 str\u00e1nka","item":"https:\/\/interieryluzica.sk\/"},{"@type":"ListItem","position":2,"name":"Interi\u00e9ry &#038; Kuchyne Lu\u017eica Nov\u00e9 Z\u00e1mky"}]},{"@type":"WebSite","@id":"https:\/\/interieryluzica.sk\/#website","url":"https:\/\/interieryluzica.sk\/","name":"Interi\u00e9ry Lu\u017eica","description":"INTERI\u00c9RY &amp; KUCHYNE","publisher":{"@id":"https:\/\/interieryluzica.sk\/#organization"},"potentialAction":[{"@type":"SearchAction","target":{"@type":"EntryPoint","urlTemplate":"https:\/\/interieryluzica.sk\/?s={search_term_string}"},"query-input":{"@type":"PropertyValueSpecification","valueRequired":true,"valueName":"search_term_string"}}],"inLanguage":"hu"},{"@type":"Organization","@id":"https:\/\/interieryluzica.sk\/#organization","name":"Interi\u00e9ry Lu\u017eica","url":"https:\/\/interieryluzica.sk\/","logo":{"@type":"ImageObject","inLanguage":"hu","@id":"https:\/\/interieryluzica.sk\/#\/schema\/logo\/image\/","url":"https:\/\/interieryluzica.sk\/wp-content\/uploads\/2022\/05\/Logo-bez-ramceka.png","contentUrl":"https:\/\/interieryluzica.sk\/wp-content\/uploads\/2022\/05\/Logo-bez-ramceka.png","width":1920,"height":554,"caption":"Interi\u00e9ry Lu\u017eica"},"image":{"@id":"https:\/\/interieryluzica.sk\/#\/schema\/logo\/image\/"},"sameAs":["https:\/\/www.facebook.com\/109717744000991"]}]}},"_links":{"self":[{"href":"https:\/\/interieryluzica.sk\/hu\/wp-json\/wp\/v2\/pages\/105","targetHints":{"allow":["GET"]}}],"collection":[{"href":"https:\/\/interieryluzica.sk\/hu\/wp-json\/wp\/v2\/pages"}],"about":[{"href":"https:\/\/interieryluzica.sk\/hu\/wp-json\/wp\/v2\/types\/page"}],"author":[{"embeddable":true,"href":"https:\/\/interieryluzica.sk\/hu\/wp-json\/wp\/v2\/users\/1"}],"replies":[{"embeddable":true,"href":"https:\/\/interieryluzica.sk\/hu\/wp-json\/wp\/v2\/comments?post=105"}],"version-history":[{"count":3,"href":"https:\/\/interieryluzica.sk\/hu\/wp-json\/wp\/v2\/pages\/105\/revisions"}],"predecessor-version":[{"id":344,"href":"https:\/\/interieryluzica.sk\/hu\/wp-json\/wp\/v2\/pages\/105\/revisions\/344"}],"wp:attachment":[{"href":"https:\/\/interieryluzica.sk\/hu\/wp-json\/wp\/v2\/media?parent=105"}],"curies":[{"name":"wp","href":"https:\/\/api.w.org\/{rel}","templated":true}]}}