{"id":10,"date":"2017-11-01T10:55:02","date_gmt":"2017-11-01T09:55:02","guid":{"rendered":"http:\/\/themes.muffingroup.com\/be\/carpenter2\/?page_id=10"},"modified":"2022-08-16T14:32:15","modified_gmt":"2022-08-16T12:32:15","slug":"o-firme","status":"publish","type":"page","link":"https:\/\/interieryluzica.sk\/hu\/o-firme\/","title":{"rendered":"R\u00f3lunk"},"content":{"rendered":"<p><h1 class=\" translation-block\">Mi munk\u00e1nk sor\u00e1n a min\u0151s\u00e9gben lelj\u00fck \u00f6r\u00f6m\u00fcnk, nem a mennyis\u00e9gben. <br> Mi akkor is j\u00f3l dolgozunk, ha senki se n\u00e9z.<\/h1><br><br><h3>\u00dcdv\u00f6z\u00f6lj\u00fck honlapunkon!<\/h3> <br>Firma Interi\u00e9ry Lu\u017eica vznikla v roku 2004 ako mal\u00e1 jednoduch\u00e1 firma za\u010d\u00ednaj\u00faca s mal\u00fdmi stol\u00e1rskymi pr\u00e1cami. Svojou \u010dinnos\u0165ou, efekt\u00edvnos\u0165ou a kvalitou pr\u00e1ce sa zdokona\u013eovala a napredovala vo v\u00fdrobe a mont\u00e1\u017ei n\u00e1bytku. Pon\u00faka \u0161irok\u00fd sortiment materi\u00e1lov a db\u00e1 na kvalitu ich opracov\u00e1vania. <br>V s\u00fa\u010dasnosti sa s\u00fastre\u010fuje na v\u00fdrobu kuch\u00fd\u0148, vstavan\u00fdch skr\u00ed\u0148 a interi\u00e9rov\u00e9ho n\u00e1bytku na mieru. <br> <br>A mi els\u0151dleges szempontunk a megrendel\u0151 el\u00e9gedetts\u00e9ge.<br>Mi\u00e9rt minket v\u00e1lasszon?<br> <br>J\u00f3 min\u0151s\u00e9g\u0171 anyagok <br>Profi csapat <br>Konyha \u00e9s b\u00fator szem\u00e9lyre szabottan az elk\u00e9pzel\u00e9sei szerint <br>Gyors sz\u00e1ll\u00edt\u00e1s <br>Egyedi tervez\u00e9s <br>3 D-s megjelen\u00edt\u00e9s <br><br>https:\/\/interieryluzica.sk\/wp-content\/uploads\/2017\/11\/carpenter2-aboutus-infobox.jpg<br><br><img decoding=\"async\" src=\"https:\/\/interieryluzica.sk\/wp-content\/uploads\/2017\/11\/carpenter2-about-man-working-e1651226763532.jpg\" alt=\"\"><br><br><br><h2>Munk\u00e1nk sor\u00e1n a funkcionalit\u00e1st, az egyedi tervez\u00e9st, a min\u0151s\u00e9gi anyagokat \u00e9s a prec\u00edz munk\u00e1t alkalmazzuk , a belt\u00e9ri megold\u00e1sokban \u00e9s tervez\u00e9sben.<\/h2><h3>Els\u0151sorban \u00d6n\u00f6k\u00e9rt vagyunk itt<\/h3> <br>U\u017e od na\u0161ich za\u010diatkov sa sna\u017e\u00edme tvori\u0165 priestory pre skuto\u010dn\u00fdch \u013eud\u00ed, navrhujeme v\u0161etky n\u00e1bytky a interi\u00e9rov\u00e9 prvky na mieru. Touto cestou tvor\u00edme, pl\u00e1nujeme, navrhujeme a konzultujeme s na\u0161imi klientmi a\u017e do kone\u010dn\u00e9ho v\u00fdsledku, aby tvoren\u00e9 interi\u00e9ry boli do posledn\u00e9ho detailu jedine\u010dn\u00fdmi umeleck\u00fdmi a technick\u00fdmi dielami &#8211; no najm\u00e4 funk\u010dn\u00fdmi a na prihliadnutie z\u00e1kazn\u00edkovej v\u00edzie a prv\u00e9ho pl\u00e1nu.<br><br>Tapasztalatok<br><br>2004 \u00f3ta folyamatosan gy\u0171jtj\u00fck a tapasztalatokat, ez\u00e9rt garant\u00e1lni tudjuk, hogy munkat\u00e1rsaink olyan k\u00e9pzett szakemberek, akik k\u00e9szen \u00e1llnak az \u00d6n projektj\u00e9re is.<br><br>Rendk\u00edv\u00fcli projektek<br><br>Nem ijed\u00fcnk meg semmilyen kih\u00edv\u00e1st\u00f3l, \u00edgy ak\u00e1r egy ig\u00e9nyesebb vagy szokatlanabb projekt megval\u00f3s\u00edt\u00e1sa \u00e9rdek\u00e9ben is b\u00e1tran kereshet minket.<br><br><img decoding=\"async\" src=\"https:\/\/interieryluzica.sk\/wp-content\/uploads\/2017\/11\/carpenter2-aboutus-icon2.png\" alt=\"carpenter2 aboutus icon2\"><br><br><img decoding=\"async\" src=\"https:\/\/interieryluzica.sk\/wp-content\/uploads\/2022\/05\/Interiery-Luzica-O-nas.jpg\" alt=\"Interi\u00e9ry-Lu\u017eica-O-n\u00e1s\"><br><br><\/p>","protected":false},"excerpt":{"rendered":"<p>Te\u0161\u00ed n\u00e1s kvalita na\u0161ej pr\u00e1ce, nie jej mno\u017estvo. Preto\u017ee pracujeme dobre aj vtedy, ke\u010f sa nikto nepozer\u00e1. Vitajte na na\u0161ej str\u00e1nke! Firma Interi\u00e9ry Lu\u017eica vznikla v<span class=\"excerpt-hellip\"> [\u2026]<\/span><\/p>","protected":false},"author":1,"featured_media":0,"parent":0,"menu_order":0,"comment_status":"closed","ping_status":"closed","template":"","meta":{"ngg_post_thumbnail":0,"footnotes":""},"class_list":["post-10","page","type-page","status-publish","hentry"],"yoast_head":"<!-- This site is optimized with the Yoast SEO plugin v27.5 - https:\/\/yoast.com\/product\/yoast-seo-wordpress\/ -->\n<title>O firme - Interi\u00e9ry Lu\u017eica<\/title>\n<meta name=\"description\" content=\"Firma Interi\u00e9ry Lu\u017eica vznikla v roku 2004 ako mal\u00e1 jednoduch\u00e1 firma za\u010d\u00ednaj\u00faca s mal\u00fdmi stol\u00e1rskymi pr\u00e1cami. Svojou \u010dinnos\u0165ou, efekt\u00edvnos\u0165ou a kvalitou pr\u00e1ce sa zdokona\u013eovala a napredovala vo v\u00fdrobe a mont\u00e1\u017ei n\u00e1bytku.\" \/>\n<meta name=\"robots\" content=\"index, follow, max-snippet:-1, max-image-preview:large, max-video-preview:-1\" \/>\n<link rel=\"canonical\" href=\"https:\/\/interieryluzica.sk\/hu\/o-firme\/\" \/>\n<meta property=\"og:locale\" content=\"hu_HU\" \/>\n<meta property=\"og:type\" content=\"article\" \/>\n<meta property=\"og:title\" content=\"O firme - Interi\u00e9ry Lu\u017eica\" \/>\n<meta property=\"og:description\" content=\"Firma Interi\u00e9ry Lu\u017eica vznikla v roku 2004 ako mal\u00e1 jednoduch\u00e1 firma za\u010d\u00ednaj\u00faca s mal\u00fdmi stol\u00e1rskymi pr\u00e1cami. Svojou \u010dinnos\u0165ou, efekt\u00edvnos\u0165ou a kvalitou pr\u00e1ce sa zdokona\u013eovala a napredovala vo v\u00fdrobe a mont\u00e1\u017ei n\u00e1bytku.\" \/>\n<meta property=\"og:url\" content=\"https:\/\/interieryluzica.sk\/hu\/o-firme\/\" \/>\n<meta property=\"og:site_name\" content=\"Interi\u00e9ry Lu\u017eica\" \/>\n<meta property=\"article:publisher\" content=\"https:\/\/www.facebook.com\/109717744000991\" \/>\n<meta property=\"article:modified_time\" content=\"2022-08-16T12:32:15+00:00\" \/>\n<meta property=\"og:image\" content=\"https:\/\/interieryluzica.sk\/wp-content\/uploads\/2017\/11\/carpenter2-about-man-working-e1651226763532.jpg\" \/>\n<meta name=\"twitter:card\" content=\"summary_large_image\" \/>\n<meta name=\"twitter:label1\" content=\"Becs\u00fclt olvas\u00e1si id\u0151\" \/>\n\t<meta name=\"twitter:data1\" content=\"2 perc\" \/>\n<script type=\"application\/ld+json\" class=\"yoast-schema-graph\">{\"@context\":\"https:\\\/\\\/schema.org\",\"@graph\":[{\"@type\":\"WebPage\",\"@id\":\"https:\\\/\\\/interieryluzica.sk\\\/o-firme\\\/\",\"url\":\"https:\\\/\\\/interieryluzica.sk\\\/o-firme\\\/\",\"name\":\"O firme - Interi\u00e9ry Lu\u017eica\",\"isPartOf\":{\"@id\":\"https:\\\/\\\/interieryluzica.sk\\\/#website\"},\"primaryImageOfPage\":{\"@id\":\"https:\\\/\\\/interieryluzica.sk\\\/o-firme\\\/#primaryimage\"},\"image\":{\"@id\":\"https:\\\/\\\/interieryluzica.sk\\\/o-firme\\\/#primaryimage\"},\"thumbnailUrl\":\"https:\\\/\\\/interieryluzica.sk\\\/wp-content\\\/uploads\\\/2017\\\/11\\\/carpenter2-about-man-working-e1651226763532.jpg\",\"datePublished\":\"2017-11-01T09:55:02+00:00\",\"dateModified\":\"2022-08-16T12:32:15+00:00\",\"description\":\"Firma Interi\u00e9ry Lu\u017eica vznikla v roku 2004 ako mal\u00e1 jednoduch\u00e1 firma za\u010d\u00ednaj\u00faca s mal\u00fdmi stol\u00e1rskymi pr\u00e1cami. Svojou \u010dinnos\u0165ou, efekt\u00edvnos\u0165ou a kvalitou pr\u00e1ce sa zdokona\u013eovala a napredovala vo v\u00fdrobe a mont\u00e1\u017ei n\u00e1bytku.\",\"breadcrumb\":{\"@id\":\"https:\\\/\\\/interieryluzica.sk\\\/o-firme\\\/#breadcrumb\"},\"inLanguage\":\"hu\",\"potentialAction\":[{\"@type\":\"ReadAction\",\"target\":[\"https:\\\/\\\/interieryluzica.sk\\\/o-firme\\\/\"]}]},{\"@type\":\"ImageObject\",\"inLanguage\":\"hu\",\"@id\":\"https:\\\/\\\/interieryluzica.sk\\\/o-firme\\\/#primaryimage\",\"url\":\"https:\\\/\\\/interieryluzica.sk\\\/wp-content\\\/uploads\\\/2017\\\/11\\\/carpenter2-about-man-working-e1651226763532.jpg\",\"contentUrl\":\"https:\\\/\\\/interieryluzica.sk\\\/wp-content\\\/uploads\\\/2017\\\/11\\\/carpenter2-about-man-working-e1651226763532.jpg\"},{\"@type\":\"BreadcrumbList\",\"@id\":\"https:\\\/\\\/interieryluzica.sk\\\/o-firme\\\/#breadcrumb\",\"itemListElement\":[{\"@type\":\"ListItem\",\"position\":1,\"name\":\"Domovsk\u00e1 str\u00e1nka\",\"item\":\"https:\\\/\\\/interieryluzica.sk\\\/\"},{\"@type\":\"ListItem\",\"position\":2,\"name\":\"O firme\"}]},{\"@type\":\"WebSite\",\"@id\":\"https:\\\/\\\/interieryluzica.sk\\\/#website\",\"url\":\"https:\\\/\\\/interieryluzica.sk\\\/\",\"name\":\"Interi\u00e9ry Lu\u017eica\",\"description\":\"INTERI\u00c9RY &amp; KUCHYNE\",\"publisher\":{\"@id\":\"https:\\\/\\\/interieryluzica.sk\\\/#organization\"},\"potentialAction\":[{\"@type\":\"SearchAction\",\"target\":{\"@type\":\"EntryPoint\",\"urlTemplate\":\"https:\\\/\\\/interieryluzica.sk\\\/?s={search_term_string}\"},\"query-input\":{\"@type\":\"PropertyValueSpecification\",\"valueRequired\":true,\"valueName\":\"search_term_string\"}}],\"inLanguage\":\"hu\"},{\"@type\":\"Organization\",\"@id\":\"https:\\\/\\\/interieryluzica.sk\\\/#organization\",\"name\":\"Interi\u00e9ry Lu\u017eica\",\"url\":\"https:\\\/\\\/interieryluzica.sk\\\/\",\"logo\":{\"@type\":\"ImageObject\",\"inLanguage\":\"hu\",\"@id\":\"https:\\\/\\\/interieryluzica.sk\\\/#\\\/schema\\\/logo\\\/image\\\/\",\"url\":\"https:\\\/\\\/interieryluzica.sk\\\/wp-content\\\/uploads\\\/2022\\\/05\\\/Logo-bez-ramceka.png\",\"contentUrl\":\"https:\\\/\\\/interieryluzica.sk\\\/wp-content\\\/uploads\\\/2022\\\/05\\\/Logo-bez-ramceka.png\",\"width\":1920,\"height\":554,\"caption\":\"Interi\u00e9ry Lu\u017eica\"},\"image\":{\"@id\":\"https:\\\/\\\/interieryluzica.sk\\\/#\\\/schema\\\/logo\\\/image\\\/\"},\"sameAs\":[\"https:\\\/\\\/www.facebook.com\\\/109717744000991\"]}]}<\/script>\n<!-- \/ Yoast SEO plugin. -->","yoast_head_json":{"title":"O firme - Interi\u00e9ry Lu\u017eica","description":"Firma Interi\u00e9ry Lu\u017eica vznikla v roku 2004 ako mal\u00e1 jednoduch\u00e1 firma za\u010d\u00ednaj\u00faca s mal\u00fdmi stol\u00e1rskymi pr\u00e1cami. Svojou \u010dinnos\u0165ou, efekt\u00edvnos\u0165ou a kvalitou pr\u00e1ce sa zdokona\u013eovala a napredovala vo v\u00fdrobe a mont\u00e1\u017ei n\u00e1bytku.","robots":{"index":"index","follow":"follow","max-snippet":"max-snippet:-1","max-image-preview":"max-image-preview:large","max-video-preview":"max-video-preview:-1"},"canonical":"https:\/\/interieryluzica.sk\/hu\/o-firme\/","og_locale":"hu_HU","og_type":"article","og_title":"O firme - Interi\u00e9ry Lu\u017eica","og_description":"Firma Interi\u00e9ry Lu\u017eica vznikla v roku 2004 ako mal\u00e1 jednoduch\u00e1 firma za\u010d\u00ednaj\u00faca s mal\u00fdmi stol\u00e1rskymi pr\u00e1cami. Svojou \u010dinnos\u0165ou, efekt\u00edvnos\u0165ou a kvalitou pr\u00e1ce sa zdokona\u013eovala a napredovala vo v\u00fdrobe a mont\u00e1\u017ei n\u00e1bytku.","og_url":"https:\/\/interieryluzica.sk\/hu\/o-firme\/","og_site_name":"Interi\u00e9ry Lu\u017eica","article_publisher":"https:\/\/www.facebook.com\/109717744000991","article_modified_time":"2022-08-16T12:32:15+00:00","og_image":[{"url":"https:\/\/interieryluzica.sk\/wp-content\/uploads\/2017\/11\/carpenter2-about-man-working-e1651226763532.jpg","type":"","width":"","height":""}],"twitter_card":"summary_large_image","twitter_misc":{"Becs\u00fclt olvas\u00e1si id\u0151":"2 perc"},"schema":{"@context":"https:\/\/schema.org","@graph":[{"@type":"WebPage","@id":"https:\/\/interieryluzica.sk\/o-firme\/","url":"https:\/\/interieryluzica.sk\/o-firme\/","name":"O firme - Interi\u00e9ry Lu\u017eica","isPartOf":{"@id":"https:\/\/interieryluzica.sk\/#website"},"primaryImageOfPage":{"@id":"https:\/\/interieryluzica.sk\/o-firme\/#primaryimage"},"image":{"@id":"https:\/\/interieryluzica.sk\/o-firme\/#primaryimage"},"thumbnailUrl":"https:\/\/interieryluzica.sk\/wp-content\/uploads\/2017\/11\/carpenter2-about-man-working-e1651226763532.jpg","datePublished":"2017-11-01T09:55:02+00:00","dateModified":"2022-08-16T12:32:15+00:00","description":"Firma Interi\u00e9ry Lu\u017eica vznikla v roku 2004 ako mal\u00e1 jednoduch\u00e1 firma za\u010d\u00ednaj\u00faca s mal\u00fdmi stol\u00e1rskymi pr\u00e1cami. Svojou \u010dinnos\u0165ou, efekt\u00edvnos\u0165ou a kvalitou pr\u00e1ce sa zdokona\u013eovala a napredovala vo v\u00fdrobe a mont\u00e1\u017ei n\u00e1bytku.","breadcrumb":{"@id":"https:\/\/interieryluzica.sk\/o-firme\/#breadcrumb"},"inLanguage":"hu","potentialAction":[{"@type":"ReadAction","target":["https:\/\/interieryluzica.sk\/o-firme\/"]}]},{"@type":"ImageObject","inLanguage":"hu","@id":"https:\/\/interieryluzica.sk\/o-firme\/#primaryimage","url":"https:\/\/interieryluzica.sk\/wp-content\/uploads\/2017\/11\/carpenter2-about-man-working-e1651226763532.jpg","contentUrl":"https:\/\/interieryluzica.sk\/wp-content\/uploads\/2017\/11\/carpenter2-about-man-working-e1651226763532.jpg"},{"@type":"BreadcrumbList","@id":"https:\/\/interieryluzica.sk\/o-firme\/#breadcrumb","itemListElement":[{"@type":"ListItem","position":1,"name":"Domovsk\u00e1 str\u00e1nka","item":"https:\/\/interieryluzica.sk\/"},{"@type":"ListItem","position":2,"name":"O firme"}]},{"@type":"WebSite","@id":"https:\/\/interieryluzica.sk\/#website","url":"https:\/\/interieryluzica.sk\/","name":"Interi\u00e9ry Lu\u017eica","description":"INTERI\u00c9RY &amp; KUCHYNE","publisher":{"@id":"https:\/\/interieryluzica.sk\/#organization"},"potentialAction":[{"@type":"SearchAction","target":{"@type":"EntryPoint","urlTemplate":"https:\/\/interieryluzica.sk\/?s={search_term_string}"},"query-input":{"@type":"PropertyValueSpecification","valueRequired":true,"valueName":"search_term_string"}}],"inLanguage":"hu"},{"@type":"Organization","@id":"https:\/\/interieryluzica.sk\/#organization","name":"Interi\u00e9ry Lu\u017eica","url":"https:\/\/interieryluzica.sk\/","logo":{"@type":"ImageObject","inLanguage":"hu","@id":"https:\/\/interieryluzica.sk\/#\/schema\/logo\/image\/","url":"https:\/\/interieryluzica.sk\/wp-content\/uploads\/2022\/05\/Logo-bez-ramceka.png","contentUrl":"https:\/\/interieryluzica.sk\/wp-content\/uploads\/2022\/05\/Logo-bez-ramceka.png","width":1920,"height":554,"caption":"Interi\u00e9ry Lu\u017eica"},"image":{"@id":"https:\/\/interieryluzica.sk\/#\/schema\/logo\/image\/"},"sameAs":["https:\/\/www.facebook.com\/109717744000991"]}]}},"_links":{"self":[{"href":"https:\/\/interieryluzica.sk\/hu\/wp-json\/wp\/v2\/pages\/10","targetHints":{"allow":["GET"]}}],"collection":[{"href":"https:\/\/interieryluzica.sk\/hu\/wp-json\/wp\/v2\/pages"}],"about":[{"href":"https:\/\/interieryluzica.sk\/hu\/wp-json\/wp\/v2\/types\/page"}],"author":[{"embeddable":true,"href":"https:\/\/interieryluzica.sk\/hu\/wp-json\/wp\/v2\/users\/1"}],"replies":[{"embeddable":true,"href":"https:\/\/interieryluzica.sk\/hu\/wp-json\/wp\/v2\/comments?post=10"}],"version-history":[{"count":2,"href":"https:\/\/interieryluzica.sk\/hu\/wp-json\/wp\/v2\/pages\/10\/revisions"}],"predecessor-version":[{"id":350,"href":"https:\/\/interieryluzica.sk\/hu\/wp-json\/wp\/v2\/pages\/10\/revisions\/350"}],"wp:attachment":[{"href":"https:\/\/interieryluzica.sk\/hu\/wp-json\/wp\/v2\/media?parent=10"}],"curies":[{"name":"wp","href":"https:\/\/api.w.org\/{rel}","templated":true}]}}